{"id":63,"date":"2024-04-15T21:39:19","date_gmt":"2024-04-15T21:39:19","guid":{"rendered":"https:\/\/jobs.esti.ch\/?page_id=63"},"modified":"2024-11-02T08:50:45","modified_gmt":"2024-11-02T08:50:45","slug":"karriere","status":"publish","type":"page","link":"https:\/\/jobs.esti.ch\/it\/","title":{"rendered":"Home"},"content":{"rendered":"\t\t<div data-elementor-type=\"wp-page\" data-elementor-id=\"63\" class=\"elementor elementor-63\" data-elementor-post-type=\"page\">\n\t\t\t\t<div class=\"elementor-element elementor-element-1e57338 e-con-full e-flex e-con e-parent\" data-id=\"1e57338\" data-element_type=\"container\" data-e-type=\"container\" data-settings=\"{&quot;background_background&quot;:&quot;classic&quot;,&quot;background_motion_fx_motion_fx_scrolling&quot;:&quot;yes&quot;,&quot;background_motion_fx_translateY_effect&quot;:&quot;yes&quot;,&quot;background_motion_fx_translateY_direction&quot;:&quot;negative&quot;,&quot;background_motion_fx_translateY_speed&quot;:{&quot;unit&quot;:&quot;px&quot;,&quot;size&quot;:4,&quot;sizes&quot;:[]},&quot;background_motion_fx_translateY_affectedRange&quot;:{&quot;unit&quot;:&quot;%&quot;,&quot;size&quot;:&quot;&quot;,&quot;sizes&quot;:{&quot;start&quot;:0,&quot;end&quot;:100}},&quot;background_motion_fx_devices&quot;:[&quot;widescreen&quot;,&quot;desktop&quot;,&quot;tablet_extra&quot;,&quot;tablet&quot;,&quot;mobile&quot;]}\">\n\t\t<div class=\"elementor-element elementor-element-b09ae1b e-con-full e-flex e-con e-child\" data-id=\"b09ae1b\" data-element_type=\"container\" data-e-type=\"container\" data-settings=\"{&quot;background_background&quot;:&quot;classic&quot;}\">\n\t\t\t\t<div class=\"elementor-element elementor-element-2990cc3 elementor-widget-tablet__width-initial elementor-widget-mobile__width-initial elementor-widget elementor-widget-heading\" data-id=\"2990cc3\" data-element_type=\"widget\" data-e-type=\"widget\" data-widget_type=\"heading.default\">\n\t\t\t\t<div class=\"elementor-widget-container\">\n\t\t\t\t\t<h1 class=\"elementor-heading-title elementor-size-default\">Ganz sch\u00f6n mehr.<\/h1>\t\t\t\t<\/div>\n\t\t\t\t<\/div>\n\t\t\t\t<div class=\"elementor-element elementor-element-1ebf3b8 elementor-widget-tablet__width-initial elementor-widget-mobile__width-initial elementor-widget elementor-widget-heading\" data-id=\"1ebf3b8\" data-element_type=\"widget\" data-e-type=\"widget\" data-widget_type=\"heading.default\">\n\t\t\t\t<div class=\"elementor-widget-container\">\n\t\t\t\t\t<h1 class=\"elementor-heading-title elementor-size-default\">Hier beim ESTI.<\/h1>\t\t\t\t<\/div>\n\t\t\t\t<\/div>\n\t\t\t\t<\/div>\n\t\t\t\t<\/div>\n\t\t<div class=\"elementor-element elementor-element-a8c04c7 e-flex e-con-boxed e-con e-parent\" data-id=\"a8c04c7\" data-element_type=\"container\" data-e-type=\"container\">\n\t\t\t\t\t<div class=\"e-con-inner\">\n\t\t\t\t<div class=\"elementor-element elementor-element-8e6f995 elementor-invisible elementor-widget elementor-widget-heading\" data-id=\"8e6f995\" data-element_type=\"widget\" data-e-type=\"widget\" data-settings=\"{&quot;_animation&quot;:&quot;fadeInUp&quot;}\" data-widget_type=\"heading.default\">\n\t\t\t\t<div class=\"elementor-widget-container\">\n\t\t\t\t\t<h1 class=\"elementor-heading-title elementor-size-default\">Was heisst denn schon \u201cganz sch\u00f6n mehr\u201d?<\/h1>\t\t\t\t<\/div>\n\t\t\t\t<\/div>\n\t\t\t\t<div class=\"elementor-element elementor-element-9d3c8c2 elementor-widget__width-initial elementor-widget-mobile__width-initial elementor-invisible elementor-widget elementor-widget-text-editor\" data-id=\"9d3c8c2\" data-element_type=\"widget\" data-e-type=\"widget\" data-settings=\"{&quot;_animation&quot;:&quot;fadeInUp&quot;}\" data-widget_type=\"text-editor.default\">\n\t\t\t\t<div class=\"elementor-widget-container\">\n\t\t\t\t\t\t\t\t\t<p>Hohe Entscheidungsautonomie, unkomplizierte Prozesse, gegenseitiges Vertrauen, selbstst\u00e4ndiges Arbeiten, sinnvolle T\u00e4tigkeiten und ein toller Team-Spirit. Ganz sch\u00f6n mehr, eben.<\/p>\t\t\t\t\t\t\t\t<\/div>\n\t\t\t\t<\/div>\n\t\t\t\t<div class=\"elementor-element elementor-element-4672fae elementor-widget__width-initial elementor-invisible elementor-widget elementor-widget-text-editor\" data-id=\"4672fae\" data-element_type=\"widget\" data-e-type=\"widget\" data-settings=\"{&quot;_animation&quot;:&quot;fadeInUp&quot;}\" data-widget_type=\"text-editor.default\">\n\t\t\t\t<div class=\"elementor-widget-container\">\n\t\t\t\t\t\t\t\t\t<p><strong>Aber am besten tauchen Sie selber ein:<\/strong><\/p>\t\t\t\t\t\t\t\t<\/div>\n\t\t\t\t<\/div>\n\t\t<div class=\"elementor-element elementor-element-c4aeee9 e-flex e-con-boxed elementor-invisible e-con e-child\" data-id=\"c4aeee9\" data-element_type=\"container\" data-e-type=\"container\" data-settings=\"{&quot;background_background&quot;:&quot;classic&quot;,&quot;animation&quot;:&quot;fadeInLeft&quot;}\">\n\t\t\t\t\t<div class=\"e-con-inner\">\n\t\t\t\t<div class=\"elementor-element elementor-element-2a233f5 elementor-widget elementor-widget-video\" data-id=\"2a233f5\" data-element_type=\"widget\" data-e-type=\"widget\" data-settings=\"{&quot;video_type&quot;:&quot;hosted&quot;,&quot;show_image_overlay&quot;:&quot;yes&quot;,&quot;image_overlay&quot;:{&quot;url&quot;:&quot;https:\\\/\\\/jobs.esti.ch\\\/wp-content\\\/uploads\\\/2024\\\/07\\\/esti-karriere-offene-stellen-mann-stehend-scaled.jpg&quot;,&quot;id&quot;:1161,&quot;size&quot;:&quot;&quot;,&quot;alt&quot;:&quot;&quot;,&quot;source&quot;:&quot;library&quot;},&quot;controls&quot;:&quot;yes&quot;}\" data-widget_type=\"video.default\">\n\t\t\t\t<div class=\"elementor-widget-container\">\n\t\t\t\t\t\t\t<div class=\"e-hosted-video elementor-wrapper elementor-open-inline\">\n\t\t\t\t\t<video class=\"elementor-video\" src=\"https:\/\/jobs.esti.ch\/wp-content\/uploads\/2024\/08\/Schnitt_ESTI_V5.mp4\" controls=\"\" preload=\"auto\" controlsList=\"nodownload\" poster=\"https:\/\/jobs.esti.ch\/wp-content\/uploads\/2024\/07\/esti-karriere-offene-stellen-mann-stehend-scaled.jpg\"><\/video>\n\t\t\t\t\t\t<div class=\"elementor-custom-embed-image-overlay\" style=\"background-image: url(https:\/\/jobs.esti.ch\/wp-content\/uploads\/2024\/07\/esti-karriere-offene-stellen-mann-stehend-scaled.jpg);\">\n\t\t\t\t\t\t\t\t\t\t\t\t\t\t\t\t<div class=\"elementor-custom-embed-play\" role=\"button\" aria-label=\"Riproduci video\" tabindex=\"0\">\n\t\t\t\t\t\t\t<svg aria-hidden=\"true\" class=\"e-font-icon-svg e-eicon-play\" viewBox=\"0 0 1000 1000\" xmlns=\"http:\/\/www.w3.org\/2000\/svg\"><path d=\"M838 162C746 71 633 25 500 25 371 25 258 71 163 162 71 254 25 367 25 500 25 633 71 746 163 837 254 929 367 979 500 979 633 979 746 933 838 837 929 746 975 633 975 500 975 367 929 254 838 162M808 192C892 279 933 379 933 500 933 621 892 725 808 808 725 892 621 938 500 938 379 938 279 896 196 808 113 725 67 621 67 500 67 379 108 279 196 192 279 108 383 62 500 62 621 62 721 108 808 192M438 392V642L642 517 438 392Z\"><\/path><\/svg>\t\t\t\t\t\t<\/div>\n\t\t\t\t\t\t\t\t\t<\/div>\n\t\t\t\t\t<\/div>\n\t\t\t\t\t\t<\/div>\n\t\t\t\t<\/div>\n\t\t\t\t\t<\/div>\n\t\t\t\t<\/div>\n\t\t<div class=\"elementor-element elementor-element-9922006 e-con-full e-flex e-con e-child\" data-id=\"9922006\" data-element_type=\"container\" data-e-type=\"container\">\n\t\t<div class=\"elementor-element elementor-element-e1e5adc e-con-full e-flex e-con e-child\" data-id=\"e1e5adc\" data-element_type=\"container\" data-e-type=\"container\">\n\t\t\t\t<div class=\"elementor-element elementor-element-3470833 elementor-invisible elementor-widget elementor-widget-heading\" data-id=\"3470833\" data-element_type=\"widget\" data-e-type=\"widget\" data-settings=\"{&quot;_animation&quot;:&quot;fadeInUp&quot;}\" data-widget_type=\"heading.default\">\n\t\t\t\t<div class=\"elementor-widget-container\">\n\t\t\t\t\t<h1 class=\"elementor-heading-title elementor-size-default\">Gr\u00fcezi! <\/h1>\t\t\t\t<\/div>\n\t\t\t\t<\/div>\n\t\t\t\t<div class=\"elementor-element elementor-element-5be314e elementor-invisible elementor-widget elementor-widget-text-editor\" data-id=\"5be314e\" data-element_type=\"widget\" data-e-type=\"widget\" data-settings=\"{&quot;_animation&quot;:&quot;fadeInUp&quot;}\" data-widget_type=\"text-editor.default\">\n\t\t\t\t<div class=\"elementor-widget-container\">\n\t\t\t\t\t\t\t\t\t<p>&#171;Sch\u00f6n, dass Sie hier gelandet sind. Mein Name ist Daniel Otti und ich bin der Gesch\u00e4ftsf\u00fchrer des ESTI. Sie fragen sich vielleicht, warum ich beim ESTI t\u00e4tig bin? Ganz einfach: Wir haben ein tolles Team und erleben t\u00e4glich eine unglaubliche Vielfalt in unserer Arbeit. Und ganz wichtig &#8211; unsere Arbeit ist wirklich sinnvoll. Denn was wir tun, tun wir im Auftrag der Schweiz f\u00fcr die elektrische Sicherheit. Ganz sch\u00f6n sinnstiftend.&#187;<\/p>\t\t\t\t\t\t\t\t<\/div>\n\t\t\t\t<\/div>\n\t\t\t\t<\/div>\n\t\t<div class=\"elementor-element elementor-element-9107321 e-con-full e-flex e-con e-child\" data-id=\"9107321\" data-element_type=\"container\" data-e-type=\"container\">\n\t\t\t\t<div class=\"elementor-element elementor-element-926067b elementor-widget elementor-widget-image\" data-id=\"926067b\" data-element_type=\"widget\" data-e-type=\"widget\" data-widget_type=\"image.default\">\n\t\t\t\t<div class=\"elementor-widget-container\">\n\t\t\t\t\t\t\t\t\t\t\t\t\t\t\t<img fetchpriority=\"high\" decoding=\"async\" width=\"2560\" height=\"1707\" src=\"https:\/\/jobs.esti.ch\/wp-content\/uploads\/2024\/08\/Daniel_Otti_electrosuisse--scaled.jpg\" class=\"attachment-full size-full wp-image-1293\" alt=\"\" srcset=\"https:\/\/jobs.esti.ch\/wp-content\/uploads\/2024\/08\/Daniel_Otti_electrosuisse--scaled.jpg 2560w, https:\/\/jobs.esti.ch\/wp-content\/uploads\/2024\/08\/Daniel_Otti_electrosuisse--300x200.jpg 300w, https:\/\/jobs.esti.ch\/wp-content\/uploads\/2024\/08\/Daniel_Otti_electrosuisse--1024x683.jpg 1024w\" sizes=\"(max-width: 2560px) 100vw, 2560px\" \/>\t\t\t\t\t\t\t\t\t\t\t\t\t\t\t<\/div>\n\t\t\t\t<\/div>\n\t\t\t\t<\/div>\n\t\t\t\t<\/div>\n\t\t\t\t\t<\/div>\n\t\t\t\t<\/div>\n\t\t<div class=\"elementor-element elementor-element-90aa010 e-flex e-con-boxed e-con e-parent\" data-id=\"90aa010\" data-element_type=\"container\" data-e-type=\"container\" data-settings=\"{&quot;background_background&quot;:&quot;classic&quot;}\">\n\t\t\t\t\t<div class=\"e-con-inner\">\n\t\t<div class=\"elementor-element elementor-element-1951c89 e-con-full e-flex e-con e-child\" data-id=\"1951c89\" data-element_type=\"container\" data-e-type=\"container\">\n\t\t\t\t<div class=\"elementor-element elementor-element-570aa79 elementor-invisible elementor-widget elementor-widget-heading\" data-id=\"570aa79\" data-element_type=\"widget\" data-e-type=\"widget\" data-settings=\"{&quot;_animation&quot;:&quot;fadeInUp&quot;}\" data-widget_type=\"heading.default\">\n\t\t\t\t<div class=\"elementor-widget-container\">\n\t\t\t\t\t<h1 class=\"elementor-heading-title elementor-size-default\">Was macht die Arbeit beim ESTI aus? <\/h1>\t\t\t\t<\/div>\n\t\t\t\t<\/div>\n\t\t\t\t<div class=\"elementor-element elementor-element-12f0633 elementor-invisible elementor-widget elementor-widget-text-editor\" data-id=\"12f0633\" data-element_type=\"widget\" data-e-type=\"widget\" data-settings=\"{&quot;_animation&quot;:&quot;fadeInUp&quot;}\" data-widget_type=\"text-editor.default\">\n\t\t\t\t<div class=\"elementor-widget-container\">\n\t\t\t\t\t\t\t\t\t<p>Auf den ersten Blick k\u00f6nnten wir konservativ erscheinen. Aber auf den zweiten Blick wird\u2019s bunt \u2013 und spannend: Hinter der unaufgeregten Fassade brodelt eine Welt voller Vielfalt und fesselnder Herausforderungen. Verschiedene Herausforderungen und inspirierende Aufgaben warten darauf, von unseren Mitarbeitenden entdeckt zu werden. Hier vereinen sich Understatement und Moderne.<\/p>\t\t\t\t\t\t\t\t<\/div>\n\t\t\t\t<\/div>\n\t\t\t\t<div class=\"elementor-element elementor-element-0aeedf3 elementor-invisible elementor-widget elementor-widget-text-editor\" data-id=\"0aeedf3\" data-element_type=\"widget\" data-e-type=\"widget\" data-settings=\"{&quot;_animation&quot;:&quot;fadeInUp&quot;}\" data-widget_type=\"text-editor.default\">\n\t\t\t\t<div class=\"elementor-widget-container\">\n\t\t\t\t\t\t\t\t\t<p><a href=\"https:\/\/jobs.esti.ch\/wie-wir-arbeiten\/\">Erfahren Sie hier, wie wir arbeiten<\/a><\/p>\t\t\t\t\t\t\t\t<\/div>\n\t\t\t\t<\/div>\n\t\t\t\t<\/div>\n\t\t\t\t\t<\/div>\n\t\t\t\t<\/div>\n\t\t<div class=\"elementor-element elementor-element-99c0bfd e-flex e-con-boxed e-con e-parent\" data-id=\"99c0bfd\" data-element_type=\"container\" data-e-type=\"container\" data-settings=\"{&quot;background_background&quot;:&quot;classic&quot;}\">\n\t\t\t\t\t<div class=\"e-con-inner\">\n\t\t<div class=\"elementor-element elementor-element-c9202dc e-con-full e-flex e-con e-child\" data-id=\"c9202dc\" data-element_type=\"container\" data-e-type=\"container\">\n\t\t\t\t<div class=\"elementor-element elementor-element-e19e754 elementor-invisible elementor-widget elementor-widget-image\" data-id=\"e19e754\" data-element_type=\"widget\" data-e-type=\"widget\" data-settings=\"{&quot;_animation&quot;:&quot;fadeInLeft&quot;}\" data-widget_type=\"image.default\">\n\t\t\t\t<div class=\"elementor-widget-container\">\n\t\t\t\t\t\t\t\t\t\t\t\t\t\t\t<img decoding=\"async\" width=\"926\" height=\"1062\" src=\"https:\/\/jobs.esti.ch\/wp-content\/uploads\/2024\/07\/esti-karriere-offene-stellen-mann-trafostation-e1719830525698.png\" class=\"attachment-full size-full wp-image-978\" alt=\"\" srcset=\"https:\/\/jobs.esti.ch\/wp-content\/uploads\/2024\/07\/esti-karriere-offene-stellen-mann-trafostation-e1719830525698.png 926w, https:\/\/jobs.esti.ch\/wp-content\/uploads\/2024\/07\/esti-karriere-offene-stellen-mann-trafostation-e1719830525698-262x300.png 262w, https:\/\/jobs.esti.ch\/wp-content\/uploads\/2024\/07\/esti-karriere-offene-stellen-mann-trafostation-e1719830525698-893x1024.png 893w, https:\/\/jobs.esti.ch\/wp-content\/uploads\/2024\/07\/esti-karriere-offene-stellen-mann-trafostation-e1719830525698-768x881.png 768w, https:\/\/jobs.esti.ch\/wp-content\/uploads\/2024\/07\/esti-karriere-offene-stellen-mann-trafostation-e1719830525698-10x12.png 10w\" sizes=\"(max-width: 926px) 100vw, 926px\" \/>\t\t\t\t\t\t\t\t\t\t\t\t\t\t\t<\/div>\n\t\t\t\t<\/div>\n\t\t\t\t<\/div>\n\t\t<div class=\"elementor-element elementor-element-a5b56c0 e-con-full e-flex e-con e-child\" data-id=\"a5b56c0\" data-element_type=\"container\" data-e-type=\"container\">\n\t\t\t\t<div class=\"elementor-element elementor-element-14a84ca elementor-invisible elementor-widget elementor-widget-heading\" data-id=\"14a84ca\" data-element_type=\"widget\" data-e-type=\"widget\" data-settings=\"{&quot;_animation&quot;:&quot;fadeInUp&quot;}\" data-widget_type=\"heading.default\">\n\t\t\t\t<div class=\"elementor-widget-container\">\n\t\t\t\t\t<h2 class=\"elementor-heading-title elementor-size-default\">Was macht das<br>\nESTI genau? <\/h2>\t\t\t\t<\/div>\n\t\t\t\t<\/div>\n\t\t\t\t<div class=\"elementor-element elementor-element-d298016 elementor-invisible elementor-widget elementor-widget-text-editor\" data-id=\"d298016\" data-element_type=\"widget\" data-e-type=\"widget\" data-settings=\"{&quot;_animation&quot;:&quot;fadeInUp&quot;}\" data-widget_type=\"text-editor.default\">\n\t\t\t\t<div class=\"elementor-widget-container\">\n\t\t\t\t\t\t\t\t\t<p><a href=\"https:\/\/jobs.esti.ch\/was-wir-machen\/\">Mehr \u00fcber unsere Arbeit<\/a><\/p>\t\t\t\t\t\t\t\t<\/div>\n\t\t\t\t<\/div>\n\t\t\t\t<\/div>\n\t\t\t\t\t<\/div>\n\t\t\t\t<\/div>\n\t\t\t\t<\/div>\n\t\t","protected":false},"excerpt":{"rendered":"<p>Ganz sch\u00f6n mehr. Hier beim ESTI. Was heisst denn schon \u201cganz sch\u00f6n mehr\u201d? Hohe Entscheidungsautonomie, unkomplizierte Prozesse, gegenseitiges Vertrauen, selbstst\u00e4ndiges Arbeiten, sinnvolle T\u00e4tigkeiten und ein toller Team-Spirit. Ganz sch\u00f6n mehr, eben. Aber am besten tauchen Sie selber ein: https:\/\/jobs.esti.ch\/wp-content\/uploads\/2024\/08\/Schnitt_ESTI_V5.mp4 Gr\u00fcezi! &#171;Sch\u00f6n, dass Sie hier gelandet sind. Mein Name ist Daniel Otti und ich bin der [&hellip;]<\/p>\n","protected":false},"author":1,"featured_media":936,"parent":0,"menu_order":0,"comment_status":"closed","ping_status":"closed","template":"elementor_header_footer","meta":{"footnotes":""},"class_list":["post-63","page","type-page","status-publish","has-post-thumbnail","hentry"],"yoast_head":"<!-- This site is optimized with the Yoast SEO plugin v27.4 - https:\/\/yoast.com\/product\/yoast-seo-wordpress\/ -->\n<title>Karriere beim ESTI - Eidgen\u00f6ssisches Starkstrominspektorat<\/title>\n<meta name=\"description\" content=\"Erfahre mehr \u00fcber die spannenden Karrierem\u00f6glichkeiten beim ESTI. Entdecke freie Stellen beim Eidgen\u00f6ssichen Starkstrominspektorat.\" \/>\n<meta name=\"robots\" content=\"index, follow, max-snippet:-1, max-image-preview:large, max-video-preview:-1\" \/>\n<link rel=\"canonical\" href=\"https:\/\/jobs.esti.ch\/it\/\" \/>\n<meta property=\"og:locale\" content=\"it_IT\" \/>\n<meta property=\"og:type\" content=\"article\" \/>\n<meta property=\"og:title\" content=\"Karriere beim ESTI - Eidgen\u00f6ssisches Starkstrominspektorat\" \/>\n<meta property=\"og:description\" content=\"Erfahre mehr \u00fcber die spannenden Karrierem\u00f6glichkeiten beim ESTI. Entdecke freie Stellen beim Eidgen\u00f6ssichen Starkstrominspektorat.\" \/>\n<meta property=\"og:url\" content=\"https:\/\/jobs.esti.ch\/it\/\" \/>\n<meta property=\"og:site_name\" content=\"Eidgen\u00f6ssisches Starkstrominspektorat\" \/>\n<meta property=\"article:modified_time\" content=\"2024-11-02T08:50:45+00:00\" \/>\n<meta property=\"og:image\" content=\"https:\/\/jobs.esti.ch\/wp-content\/uploads\/2024\/05\/cropped-bund-ESTI-Siteicon.png\" \/>\n\t<meta property=\"og:image:width\" content=\"512\" \/>\n\t<meta property=\"og:image:height\" content=\"512\" \/>\n\t<meta property=\"og:image:type\" content=\"image\/png\" \/>\n<meta name=\"twitter:card\" content=\"summary_large_image\" \/>\n<meta name=\"twitter:label1\" content=\"Tempo di lettura stimato\" \/>\n\t<meta name=\"twitter:data1\" content=\"2 minuti\" \/>\n<script type=\"application\/ld+json\" class=\"yoast-schema-graph\">{\"@context\":\"https:\\\/\\\/schema.org\",\"@graph\":[{\"@type\":\"WebPage\",\"@id\":\"https:\\\/\\\/jobs.esti.ch\\\/\",\"url\":\"https:\\\/\\\/jobs.esti.ch\\\/\",\"name\":\"Karriere beim ESTI - Eidgen\u00f6ssisches Starkstrominspektorat\",\"isPartOf\":{\"@id\":\"https:\\\/\\\/jobs.esti.ch\\\/#website\"},\"primaryImageOfPage\":{\"@id\":\"https:\\\/\\\/jobs.esti.ch\\\/#primaryimage\"},\"image\":{\"@id\":\"https:\\\/\\\/jobs.esti.ch\\\/#primaryimage\"},\"thumbnailUrl\":\"https:\\\/\\\/jobs.esti.ch\\\/wp-content\\\/uploads\\\/2024\\\/05\\\/cropped-bund-ESTI-Siteicon.png\",\"datePublished\":\"2024-04-15T21:39:19+00:00\",\"dateModified\":\"2024-11-02T08:50:45+00:00\",\"description\":\"Erfahre mehr \u00fcber die spannenden Karrierem\u00f6glichkeiten beim ESTI. Entdecke freie Stellen beim Eidgen\u00f6ssichen Starkstrominspektorat.\",\"breadcrumb\":{\"@id\":\"https:\\\/\\\/jobs.esti.ch\\\/#breadcrumb\"},\"inLanguage\":\"it-IT\",\"potentialAction\":[{\"@type\":\"ReadAction\",\"target\":[\"https:\\\/\\\/jobs.esti.ch\\\/\"]}]},{\"@type\":\"ImageObject\",\"inLanguage\":\"it-IT\",\"@id\":\"https:\\\/\\\/jobs.esti.ch\\\/#primaryimage\",\"url\":\"https:\\\/\\\/jobs.esti.ch\\\/wp-content\\\/uploads\\\/2024\\\/05\\\/cropped-bund-ESTI-Siteicon.png\",\"contentUrl\":\"https:\\\/\\\/jobs.esti.ch\\\/wp-content\\\/uploads\\\/2024\\\/05\\\/cropped-bund-ESTI-Siteicon.png\",\"width\":512,\"height\":512},{\"@type\":\"BreadcrumbList\",\"@id\":\"https:\\\/\\\/jobs.esti.ch\\\/#breadcrumb\",\"itemListElement\":[{\"@type\":\"ListItem\",\"position\":1,\"name\":\"Startseite\",\"item\":\"https:\\\/\\\/jobs.esti.ch\\\/\"},{\"@type\":\"ListItem\",\"position\":2,\"name\":\"Home\"}]},{\"@type\":\"WebSite\",\"@id\":\"https:\\\/\\\/jobs.esti.ch\\\/#website\",\"url\":\"https:\\\/\\\/jobs.esti.ch\\\/\",\"name\":\"Eidgen\u00f6ssisches Starkstrominspektorat\",\"description\":\"\",\"publisher\":{\"@id\":\"https:\\\/\\\/jobs.esti.ch\\\/#organization\"},\"alternateName\":\"ESTI\",\"potentialAction\":[{\"@type\":\"SearchAction\",\"target\":{\"@type\":\"EntryPoint\",\"urlTemplate\":\"https:\\\/\\\/jobs.esti.ch\\\/?s={search_term_string}\"},\"query-input\":{\"@type\":\"PropertyValueSpecification\",\"valueRequired\":true,\"valueName\":\"search_term_string\"}}],\"inLanguage\":\"it-IT\"},{\"@type\":\"Organization\",\"@id\":\"https:\\\/\\\/jobs.esti.ch\\\/#organization\",\"name\":\"Eidgen\u00f6ssisches Starkstrominspektorat\",\"url\":\"https:\\\/\\\/jobs.esti.ch\\\/\",\"logo\":{\"@type\":\"ImageObject\",\"inLanguage\":\"it-IT\",\"@id\":\"https:\\\/\\\/jobs.esti.ch\\\/#\\\/schema\\\/logo\\\/image\\\/\",\"url\":\"https:\\\/\\\/jobs.esti.ch\\\/wp-content\\\/uploads\\\/2024\\\/04\\\/logo.png\",\"contentUrl\":\"https:\\\/\\\/jobs.esti.ch\\\/wp-content\\\/uploads\\\/2024\\\/04\\\/logo.png\",\"width\":337,\"height\":84,\"caption\":\"Eidgen\u00f6ssisches Starkstrominspektorat\"},\"image\":{\"@id\":\"https:\\\/\\\/jobs.esti.ch\\\/#\\\/schema\\\/logo\\\/image\\\/\"}}]}<\/script>\n<!-- \/ Yoast SEO plugin. -->","yoast_head_json":{"title":"Carriera presso ESTI - Eidgen\u00f6ssisches Starkstrominspektorat","description":"Scopri le entusiasmanti opportunit\u00e0 di carriera presso l'ESTI. Esplora le posizioni aperte presso ESTI.","robots":{"index":"index","follow":"follow","max-snippet":"max-snippet:-1","max-image-preview":"max-image-preview:large","max-video-preview":"max-video-preview:-1"},"canonical":"https:\/\/jobs.esti.ch\/it\/","og_locale":"it_IT","og_type":"article","og_title":"Karriere beim ESTI - Eidgen\u00f6ssisches Starkstrominspektorat","og_description":"Erfahre mehr \u00fcber die spannenden Karrierem\u00f6glichkeiten beim ESTI. Entdecke freie Stellen beim Eidgen\u00f6ssichen Starkstrominspektorat.","og_url":"https:\/\/jobs.esti.ch\/it\/","og_site_name":"Eidgen\u00f6ssisches Starkstrominspektorat","article_modified_time":"2024-11-02T08:50:45+00:00","og_image":[{"width":512,"height":512,"url":"https:\/\/jobs.esti.ch\/wp-content\/uploads\/2024\/05\/cropped-bund-ESTI-Siteicon.png","type":"image\/png"}],"twitter_card":"summary_large_image","twitter_misc":{"Tempo di lettura stimato":"2 minuti"},"schema":{"@context":"https:\/\/schema.org","@graph":[{"@type":"WebPage","@id":"https:\/\/jobs.esti.ch\/","url":"https:\/\/jobs.esti.ch\/","name":"Carriera presso ESTI - Eidgen\u00f6ssisches Starkstrominspektorat","isPartOf":{"@id":"https:\/\/jobs.esti.ch\/#website"},"primaryImageOfPage":{"@id":"https:\/\/jobs.esti.ch\/#primaryimage"},"image":{"@id":"https:\/\/jobs.esti.ch\/#primaryimage"},"thumbnailUrl":"https:\/\/jobs.esti.ch\/wp-content\/uploads\/2024\/05\/cropped-bund-ESTI-Siteicon.png","datePublished":"2024-04-15T21:39:19+00:00","dateModified":"2024-11-02T08:50:45+00:00","description":"Scopri le entusiasmanti opportunit\u00e0 di carriera presso l'ESTI. Esplora le posizioni aperte presso ESTI.","breadcrumb":{"@id":"https:\/\/jobs.esti.ch\/#breadcrumb"},"inLanguage":"it-IT","potentialAction":[{"@type":"ReadAction","target":["https:\/\/jobs.esti.ch\/"]}]},{"@type":"ImageObject","inLanguage":"it-IT","@id":"https:\/\/jobs.esti.ch\/#primaryimage","url":"https:\/\/jobs.esti.ch\/wp-content\/uploads\/2024\/05\/cropped-bund-ESTI-Siteicon.png","contentUrl":"https:\/\/jobs.esti.ch\/wp-content\/uploads\/2024\/05\/cropped-bund-ESTI-Siteicon.png","width":512,"height":512},{"@type":"BreadcrumbList","@id":"https:\/\/jobs.esti.ch\/#breadcrumb","itemListElement":[{"@type":"ListItem","position":1,"name":"Startseite","item":"https:\/\/jobs.esti.ch\/"},{"@type":"ListItem","position":2,"name":"Home"}]},{"@type":"WebSite","@id":"https:\/\/jobs.esti.ch\/#website","url":"https:\/\/jobs.esti.ch\/","name":"Ispettorato federale degli impianti a corrente forte","description":"","publisher":{"@id":"https:\/\/jobs.esti.ch\/#organization"},"alternateName":"ESTI","potentialAction":[{"@type":"SearchAction","target":{"@type":"EntryPoint","urlTemplate":"https:\/\/jobs.esti.ch\/?s={search_term_string}"},"query-input":{"@type":"PropertyValueSpecification","valueRequired":true,"valueName":"search_term_string"}}],"inLanguage":"it-IT"},{"@type":"Organization","@id":"https:\/\/jobs.esti.ch\/#organization","name":"Ispettorato federale degli impianti a corrente forte","url":"https:\/\/jobs.esti.ch\/","logo":{"@type":"ImageObject","inLanguage":"it-IT","@id":"https:\/\/jobs.esti.ch\/#\/schema\/logo\/image\/","url":"https:\/\/jobs.esti.ch\/wp-content\/uploads\/2024\/04\/logo.png","contentUrl":"https:\/\/jobs.esti.ch\/wp-content\/uploads\/2024\/04\/logo.png","width":337,"height":84,"caption":"Eidgen\u00f6ssisches Starkstrominspektorat"},"image":{"@id":"https:\/\/jobs.esti.ch\/#\/schema\/logo\/image\/"}}]}},"_links":{"self":[{"href":"https:\/\/jobs.esti.ch\/it\/wp-json\/wp\/v2\/pages\/63","targetHints":{"allow":["GET"]}}],"collection":[{"href":"https:\/\/jobs.esti.ch\/it\/wp-json\/wp\/v2\/pages"}],"about":[{"href":"https:\/\/jobs.esti.ch\/it\/wp-json\/wp\/v2\/types\/page"}],"author":[{"embeddable":true,"href":"https:\/\/jobs.esti.ch\/it\/wp-json\/wp\/v2\/users\/1"}],"replies":[{"embeddable":true,"href":"https:\/\/jobs.esti.ch\/it\/wp-json\/wp\/v2\/comments?post=63"}],"version-history":[{"count":5,"href":"https:\/\/jobs.esti.ch\/it\/wp-json\/wp\/v2\/pages\/63\/revisions"}],"predecessor-version":[{"id":1543,"href":"https:\/\/jobs.esti.ch\/it\/wp-json\/wp\/v2\/pages\/63\/revisions\/1543"}],"wp:featuredmedia":[{"embeddable":true,"href":"https:\/\/jobs.esti.ch\/it\/wp-json\/wp\/v2\/media\/936"}],"wp:attachment":[{"href":"https:\/\/jobs.esti.ch\/it\/wp-json\/wp\/v2\/media?parent=63"}],"curies":[{"name":"wp","href":"https:\/\/api.w.org\/{rel}","templated":true}]}}